{"id":2211,"date":"2017-09-19T11:17:44","date_gmt":"2017-09-19T14:17:44","guid":{"rendered":"http:\/\/www.tierradeavivamiento.com\/?page_id=2211"},"modified":"2025-12-19T19:21:24","modified_gmt":"2025-12-19T22:21:24","slug":"canalpodcast","status":"publish","type":"page","link":"https:\/\/www.delexodo.com.ar\/?page_id=2211","title":{"rendered":"Podcast Del \u00c9xodo"},"content":{"rendered":"\n<figure class=\"wp-block-embed is-type-video is-provider-youtube wp-block-embed-youtube wp-embed-aspect-16-9 wp-has-aspect-ratio\"><div class=\"wp-block-embed__wrapper\">\n<iframe loading=\"lazy\" title=\"Historia del Carnaval - Profesora Silvina Cepeda - Parte I\" width=\"500\" height=\"281\" src=\"https:\/\/www.youtube.com\/embed\/n3PASW0tuwA?start=10&#038;feature=oembed\" frameborder=\"0\" allow=\"accelerometer; autoplay; clipboard-write; encrypted-media; gyroscope; picture-in-picture; web-share\" referrerpolicy=\"strict-origin-when-cross-origin\" allowfullscreen><\/iframe>\n<\/div><figcaption class=\"wp-element-caption\">Historia del Carnaval &#8211; Profesora Silvina Cepeda &#8211; Parte I &#8211; Una \u00e9poca del a\u00f1o esperada por muchos y la Profe Silvina Cepeda nos introduce en la Historia del Carnaval. Desde sus comienzos a la actualidad este es la PARTE I. Que lo disfruten.<\/figcaption><\/figure>\n\n\n\n<p><\/p>\n\n\n\n<figure class=\"wp-block-embed is-type-wp-embed is-provider-anchor-fm-inc wp-block-embed-anchor-fm-inc wp-embed-aspect-21-9 wp-has-aspect-ratio\"><div class=\"wp-block-embed__wrapper\">\n<iframe loading=\"lazy\" class=\"wp-embedded-content\" sandbox=\"allow-scripts\" security=\"restricted\" title=\"Las Donaciones y las Pinturas de Pierini by Entre R\u00edos Y Su Historia\" src=\"https:\/\/anchor.fm\/delexodonogoya\/embed\/episodes\/Las-Donaciones-y-las-Pinturas-de-Pierini-e26usap#?secret=pyJR7eVjad\" data-secret=\"pyJR7eVjad\" height=\"102px\" width=\"400px\" frameborder=\"0\" scrolling=\"no\"><\/iframe>\n<\/div><figcaption class=\"wp-element-caption\">En la b\u00fasqueda de embellecer la hoy Bas\u00edlica, se recib\u00edan muchas donaciones de vecinos y fieles y as\u00ed se consigui\u00f3 por intermedio de Rafael Perrota, se realizar\u00e1n las pinturas de Libero Pierini. Un repaso r\u00e1pido y did\u00e1ctico de la historia de Nogoy\u00e1, Entre R\u00edos en torno a la Virgen Ntra. Sra. Del Carmen, patrona de la ciudad.<br>Relato de la Profesora Silvina Cepeda para Del \u00c9xodo Nogoy\u00e1.<\/figcaption><\/figure>\n\n\n\n<figure class=\"wp-block-embed is-type-wp-embed is-provider-anchor-fm-inc wp-block-embed-anchor-fm-inc wp-embed-aspect-21-9 wp-has-aspect-ratio\"><div class=\"wp-block-embed__wrapper\">\n<iframe loading=\"lazy\" class=\"wp-embedded-content\" sandbox=\"allow-scripts\" security=\"restricted\" title=\"El Gobiernos Municipal y El Reloj by Entre R\u00edos Y Su Historia\" src=\"https:\/\/anchor.fm\/delexodonogoya\/embed\/episodes\/El-Gobiernos-Municipal-y-El-Reloj-e26urtf#?secret=2QgJGMALD6\" data-secret=\"2QgJGMALD6\" height=\"102px\" width=\"400px\" frameborder=\"0\" scrolling=\"no\"><\/iframe>\n<\/div><figcaption class=\"wp-element-caption\">1873 y el primer Gobierno Municipal a\u00fan sin casa propia, instalado en la Casa Municipal, hoy La Tortuga Regalona. Los vecinos ped\u00edan un reloj y as\u00ed se erige la torre de tres caras con el reloj en lo que luego ser\u00e1 el Palacio Municipal.<br>Un repaso r\u00e1pido y did\u00e1ctico de la historia de Nogoy\u00e1, Entre R\u00edos en torno a la Virgen Ntra. Sra. Del Carmen, patrona de la ciudad. Relato de la Profesora Silvina Cepeda para Del \u00c9xodo Nogoy\u00e1.<\/figcaption><\/figure>\n\n\n\n<figure class=\"wp-block-embed is-type-wp-embed is-provider-anchor-fm-inc wp-block-embed-anchor-fm-inc wp-embed-aspect-21-9 wp-has-aspect-ratio\"><div class=\"wp-block-embed__wrapper\">\n<iframe loading=\"lazy\" class=\"wp-embedded-content\" sandbox=\"allow-scripts\" security=\"restricted\" title=\"Proyectos de crecimiento y los titulos by Entre R\u00edos Y Su Historia\" src=\"https:\/\/anchor.fm\/delexodonogoya\/embed\/episodes\/Proyectos-de-crecimiento-y-los-titulos-e26tmqt#?secret=Ykbtp2xxrK\" data-secret=\"Ykbtp2xxrK\" height=\"102px\" width=\"400px\" frameborder=\"0\" scrolling=\"no\"><\/iframe>\n<\/div><figcaption class=\"wp-element-caption\">En 1851 el Papa otorg\u00f3 el t\u00edtulo de Bas\u00edlica Menor por la extraordinaria devoci\u00f3n que genera la Virgen. La llega de inmigrantes en el dpto. Los edificios oficiales.<br>Un repaso r\u00e1pido y did\u00e1ctico de la historia de Nogoya, Entre R\u00edos en torno a la Virgen Ntra. Sra. Del Carmen, patrona de la ciudad.<br>Relato de la Profesora Silvina Cepeda para Del \u00c9xodo Nogoya.<\/figcaption><\/figure>\n\n\n\n<figure class=\"wp-block-embed is-type-wp-embed is-provider-anchor-fm-inc wp-block-embed-anchor-fm-inc wp-embed-aspect-21-9 wp-has-aspect-ratio\"><div class=\"wp-block-embed__wrapper\">\n<iframe loading=\"lazy\" class=\"wp-embedded-content\" sandbox=\"allow-scripts\" security=\"restricted\" title=\"Los nacimientos y la devoci\u00f3n por la Virgen  by Entre R\u00edos Y Su Historia\" src=\"https:\/\/anchor.fm\/delexodonogoya\/embed\/episodes\/Los-nacimientos-y-la-devocin-por-la-Virgen-e26tkir#?secret=dad9HTRrIv\" data-secret=\"dad9HTRrIv\" height=\"102px\" width=\"400px\" frameborder=\"0\" scrolling=\"no\"><\/iframe>\n<\/div><figcaption class=\"wp-element-caption\">Los nacimientos en Nogoya y la funci\u00f3n de registro civil de los p\u00e1rrocos.<br>La devoci\u00f3n por la Virgen del Carmen y los exvoto de los fieles.<br>Un repaso r\u00e1pido y did\u00e1ctico de la historia de Nogoya, Entre R\u00edos en torno a la Virgen Ntra. Sra. Del Carmen, patrona de la ciudad.<br>Relato de la Profesora Silvina Cepeda para Del \u00c9xodo Nogoya.<\/figcaption><\/figure>\n\n\n\n<figure class=\"wp-block-embed is-type-wp-embed is-provider-anchor-fm-inc wp-block-embed-anchor-fm-inc wp-embed-aspect-21-9 wp-has-aspect-ratio\"><div class=\"wp-block-embed__wrapper\">\n<iframe loading=\"lazy\" class=\"wp-embedded-content\" sandbox=\"allow-scripts\" security=\"restricted\" title=\"1810 el Impacto en Nogoy\u00e1  by Entre R\u00edos Y Su Historia\" src=\"https:\/\/anchor.fm\/delexodonogoya\/embed\/episodes\/1810-el-Impacto-en-Nogoy-e26sj22#?secret=x3IqYEyGMw\" data-secret=\"x3IqYEyGMw\" height=\"102px\" width=\"400px\" frameborder=\"0\" scrolling=\"no\"><\/iframe>\n<\/div><figcaption class=\"wp-element-caption\">NOGOY\u00c1 EN EL TIEMPO . Episodio 2<br>1810 y el impacto en Nogoy\u00e1 en defensa de la patria. Lideres naturales y caudillos.<br>Un repaso r\u00e1pido y did\u00e1ctico de la historia de Nogoy\u00e1 en torno a Nuestra Sra. la Virgen del Carmen. Relato de la Profesora Silvina Cepeda para <a href=\"https:\/\/www.facebook.com\/fmdelexodo?__cft__[0]=AZWi3HCo1Zy9Cty3febjp1q6LGrXN0lHGbtagNmHAMUhJExI6oKc7TXVIFB5xQJEQ2WoHRYq7Te4WQ0tPMG4Szf9i9Dqoo5eGZyOmSIXWdd5l-BUPAk6I_o-dx0agKtfXj6UosawiCjGdCfbPt-CEBBqUrmDFJZL-f67aXFtUfKI2zU5pekV6gGHpHqH0ZBhJ-8&amp;__tn__=-]K-R\" target=\"_blank\" rel=\"noreferrer noopener\">D<\/a><a href=\"https:\/\/www.facebook.com\/fmdelexodo?__cft__[0]=AZWi3HCo1Zy9Cty3febjp1q6LGrXN0lHGbtagNmHAMUhJExI6oKc7TXVIFB5xQJEQ2WoHRYq7Te4WQ0tPMG4Szf9i9Dqoo5eGZyOmSIXWdd5l-BUPAk6I_o-dx0agKtfXj6UosawiCjGdCfbPt-CEBBqUrmDFJZL-f67aXFtUfKI2zU5pekV6gGHpHqH0ZBhJ-8&amp;__tn__=-]K-R\">el \u00c9xodo Nogoya<\/a><\/figcaption><\/figure>\n\n\n\n<figure class=\"wp-block-embed is-type-wp-embed is-provider-anchor-fm-inc wp-block-embed-anchor-fm-inc aligncenter wp-embed-aspect-21-9 wp-has-aspect-ratio\"><div class=\"wp-block-embed__wrapper\">\n<iframe loading=\"lazy\" class=\"wp-embedded-content\" sandbox=\"allow-scripts\" security=\"restricted\" title=\"Nogoy\u00e1 en sus comienzos by Entre R\u00edos Y Su Historia\" src=\"https:\/\/anchor.fm\/delexodonogoya\/embed\/episodes\/Nogoy-en-sus-comienzos-e26rere#?secret=vnBL7twa1B\" data-secret=\"vnBL7twa1B\" height=\"102px\" width=\"400px\" frameborder=\"0\" scrolling=\"no\"><\/iframe>\n<\/div><figcaption class=\"wp-element-caption\">NOGOY\u00c1 EN EL TIEMPO &#8211; Episodio 1<br>Desde 1782 en un repaso r\u00e1pido y did\u00e1ctico de la historia de Nogoya, Entre R\u00edos en torno a la Virgen Ntra. Sra. Del Carmen, patrona de la ciudad.<br>Relato de la Profesora Silvina Cepeda para Del \u00c9xodo Nogoya.<\/figcaption><\/figure>\n\n\n\n<figure class=\"wp-block-embed is-type-video is-provider-youtube wp-block-embed-youtube wp-embed-aspect-16-9 wp-has-aspect-ratio\"><div class=\"wp-block-embed__wrapper\">\n<iframe loading=\"lazy\" title=\"NOGOY\u00c1: ROBO DE LA CORONA DE LA VIRGEN - SILVINA CEPEDA 09\/06\/23\" width=\"500\" height=\"281\" src=\"https:\/\/www.youtube.com\/embed\/DZI7lhOhQkI?start=29&#038;feature=oembed\" frameborder=\"0\" allow=\"accelerometer; autoplay; clipboard-write; encrypted-media; gyroscope; picture-in-picture; web-share\" referrerpolicy=\"strict-origin-when-cross-origin\" allowfullscreen><\/iframe>\n<\/div><figcaption class=\"wp-element-caption\">ROBO DE LA CORONA DE LA VIRGEN &#8211; Profesora SILVINA CEPEDA<\/figcaption><\/figure>\n\n\n\n<figure class=\"wp-block-embed is-type-video is-provider-youtube wp-block-embed-youtube wp-embed-aspect-16-9 wp-has-aspect-ratio\"><div class=\"wp-block-embed__wrapper\">\n<iframe loading=\"lazy\" title=\"#AIRE #MxV Sorteo Viviendas IAPV Dpto Nogoya\" width=\"500\" height=\"281\" src=\"https:\/\/www.youtube.com\/embed\/83xkBBvEMvY?feature=oembed\" frameborder=\"0\" allow=\"accelerometer; autoplay; clipboard-write; encrypted-media; gyroscope; picture-in-picture; web-share\" referrerpolicy=\"strict-origin-when-cross-origin\" allowfullscreen><\/iframe>\n<\/div><figcaption class=\"wp-element-caption\">Sorteo Viviendas IAPV 27(08<\/figcaption><\/figure>\n\n\n\n<figure class=\"wp-block-embed is-type-video is-provider-youtube wp-block-embed-youtube wp-embed-aspect-4-3 wp-has-aspect-ratio\"><div class=\"wp-block-embed__wrapper\">\n<iframe loading=\"lazy\" title=\"#AIRE #MxV - Cocina Live ESSEN\" width=\"500\" height=\"375\" src=\"https:\/\/www.youtube.com\/embed\/cVttZwxHmPI?feature=oembed\" frameborder=\"0\" allow=\"accelerometer; autoplay; clipboard-write; encrypted-media; gyroscope; picture-in-picture; web-share\" referrerpolicy=\"strict-origin-when-cross-origin\" allowfullscreen><\/iframe>\n<\/div><figcaption class=\"wp-element-caption\">Cocina ESSEN Live en la 88.5<\/figcaption><\/figure>\n\n\n\n<figure class=\"wp-block-embed is-type-video is-provider-youtube wp-block-embed-youtube wp-embed-aspect-16-9 wp-has-aspect-ratio\"><div class=\"wp-block-embed__wrapper\">\n<iframe loading=\"lazy\" title=\"#AIRE #MxV - La Mundialista Sole Jaimes de visita en Nogoya\" width=\"500\" height=\"281\" src=\"https:\/\/www.youtube.com\/embed\/8ShktYuYvwE?feature=oembed\" frameborder=\"0\" allow=\"accelerometer; autoplay; clipboard-write; encrypted-media; gyroscope; picture-in-picture; web-share\" referrerpolicy=\"strict-origin-when-cross-origin\" allowfullscreen><\/iframe>\n<\/div><figcaption class=\"wp-element-caption\">Soledad Jaimes en Nogoya<\/figcaption><\/figure>\n","protected":false},"excerpt":{"rendered":"","protected":false},"author":2,"featured_media":0,"parent":0,"menu_order":1,"comment_status":"closed","ping_status":"closed","template":"","meta":{"_joinchat":[],"footnotes":""},"class_list":["post-2211","page","type-page","status-publish","hentry"],"yoast_head":"<!-- This site is optimized with the Yoast SEO plugin v25.1 - https:\/\/yoast.com\/wordpress\/plugins\/seo\/ -->\n<title>Podcast Del \u00c9xodo - Del \u00c9xodo Nogoy\u00e1<\/title>\n<meta name=\"robots\" content=\"index, follow, max-snippet:-1, max-image-preview:large, max-video-preview:-1\" \/>\n<link rel=\"canonical\" href=\"https:\/\/www.delexodo.com.ar\/?page_id=2211\" \/>\n<meta property=\"og:locale\" content=\"es_ES\" \/>\n<meta property=\"og:type\" content=\"article\" \/>\n<meta property=\"og:title\" content=\"Podcast Del \u00c9xodo - Del \u00c9xodo Nogoy\u00e1\" \/>\n<meta property=\"og:url\" content=\"https:\/\/www.delexodo.com.ar\/?page_id=2211\" \/>\n<meta property=\"og:site_name\" content=\"Del \u00c9xodo Nogoy\u00e1\" \/>\n<meta property=\"article:modified_time\" content=\"2025-12-19T22:21:24+00:00\" \/>\n<meta name=\"twitter:card\" content=\"summary_large_image\" \/>\n<meta name=\"twitter:label1\" content=\"Tiempo de lectura\" \/>\n\t<meta name=\"twitter:data1\" content=\"3 minutos\" \/>\n<script type=\"application\/ld+json\" class=\"yoast-schema-graph\">{\"@context\":\"https:\/\/schema.org\",\"@graph\":[{\"@type\":\"WebPage\",\"@id\":\"https:\/\/www.delexodo.com.ar\/?page_id=2211\",\"url\":\"https:\/\/www.delexodo.com.ar\/?page_id=2211\",\"name\":\"Podcast Del \u00c9xodo - Del \u00c9xodo Nogoy\u00e1\",\"isPartOf\":{\"@id\":\"https:\/\/www.delexodo.com.ar\/#website\"},\"datePublished\":\"2017-09-19T14:17:44+00:00\",\"dateModified\":\"2025-12-19T22:21:24+00:00\",\"breadcrumb\":{\"@id\":\"https:\/\/www.delexodo.com.ar\/?page_id=2211#breadcrumb\"},\"inLanguage\":\"es\",\"potentialAction\":[{\"@type\":\"ReadAction\",\"target\":[\"https:\/\/www.delexodo.com.ar\/?page_id=2211\"]}]},{\"@type\":\"BreadcrumbList\",\"@id\":\"https:\/\/www.delexodo.com.ar\/?page_id=2211#breadcrumb\",\"itemListElement\":[{\"@type\":\"ListItem\",\"position\":1,\"name\":\"Portada\",\"item\":\"https:\/\/www.delexodo.com.ar\/\"},{\"@type\":\"ListItem\",\"position\":2,\"name\":\"Podcast Del \u00c9xodo\"}]},{\"@type\":\"WebSite\",\"@id\":\"https:\/\/www.delexodo.com.ar\/#website\",\"url\":\"https:\/\/www.delexodo.com.ar\/\",\"name\":\"Del \u00c9xodo Nogoy\u00e1\",\"description\":\"El Portal de Noticias de la Regi\u00f3n\",\"publisher\":{\"@id\":\"https:\/\/www.delexodo.com.ar\/#organization\"},\"potentialAction\":[{\"@type\":\"SearchAction\",\"target\":{\"@type\":\"EntryPoint\",\"urlTemplate\":\"https:\/\/www.delexodo.com.ar\/?s={search_term_string}\"},\"query-input\":{\"@type\":\"PropertyValueSpecification\",\"valueRequired\":true,\"valueName\":\"search_term_string\"}}],\"inLanguage\":\"es\"},{\"@type\":\"Organization\",\"@id\":\"https:\/\/www.delexodo.com.ar\/#organization\",\"name\":\"Del \u00c9xodo Nogoy\u00e1\",\"url\":\"https:\/\/www.delexodo.com.ar\/\",\"logo\":{\"@type\":\"ImageObject\",\"inLanguage\":\"es\",\"@id\":\"https:\/\/www.delexodo.com.ar\/#\/schema\/logo\/image\/\",\"url\":\"https:\/\/www.delexodo.com.ar\/wp-content\/uploads\/2024\/10\/cropped-cropped-LOGO24.png\",\"contentUrl\":\"https:\/\/www.delexodo.com.ar\/wp-content\/uploads\/2024\/10\/cropped-cropped-LOGO24.png\",\"width\":512,\"height\":349,\"caption\":\"Del \u00c9xodo Nogoy\u00e1\"},\"image\":{\"@id\":\"https:\/\/www.delexodo.com.ar\/#\/schema\/logo\/image\/\"}}]}<\/script>\n<!-- \/ Yoast SEO plugin. -->","yoast_head_json":{"title":"Podcast Del \u00c9xodo - Del \u00c9xodo Nogoy\u00e1","robots":{"index":"index","follow":"follow","max-snippet":"max-snippet:-1","max-image-preview":"max-image-preview:large","max-video-preview":"max-video-preview:-1"},"canonical":"https:\/\/www.delexodo.com.ar\/?page_id=2211","og_locale":"es_ES","og_type":"article","og_title":"Podcast Del \u00c9xodo - Del \u00c9xodo Nogoy\u00e1","og_url":"https:\/\/www.delexodo.com.ar\/?page_id=2211","og_site_name":"Del \u00c9xodo Nogoy\u00e1","article_modified_time":"2025-12-19T22:21:24+00:00","twitter_card":"summary_large_image","twitter_misc":{"Tiempo de lectura":"3 minutos"},"schema":{"@context":"https:\/\/schema.org","@graph":[{"@type":"WebPage","@id":"https:\/\/www.delexodo.com.ar\/?page_id=2211","url":"https:\/\/www.delexodo.com.ar\/?page_id=2211","name":"Podcast Del \u00c9xodo - Del \u00c9xodo Nogoy\u00e1","isPartOf":{"@id":"https:\/\/www.delexodo.com.ar\/#website"},"datePublished":"2017-09-19T14:17:44+00:00","dateModified":"2025-12-19T22:21:24+00:00","breadcrumb":{"@id":"https:\/\/www.delexodo.com.ar\/?page_id=2211#breadcrumb"},"inLanguage":"es","potentialAction":[{"@type":"ReadAction","target":["https:\/\/www.delexodo.com.ar\/?page_id=2211"]}]},{"@type":"BreadcrumbList","@id":"https:\/\/www.delexodo.com.ar\/?page_id=2211#breadcrumb","itemListElement":[{"@type":"ListItem","position":1,"name":"Portada","item":"https:\/\/www.delexodo.com.ar\/"},{"@type":"ListItem","position":2,"name":"Podcast Del \u00c9xodo"}]},{"@type":"WebSite","@id":"https:\/\/www.delexodo.com.ar\/#website","url":"https:\/\/www.delexodo.com.ar\/","name":"Del \u00c9xodo Nogoy\u00e1","description":"El Portal de Noticias de la Regi\u00f3n","publisher":{"@id":"https:\/\/www.delexodo.com.ar\/#organization"},"potentialAction":[{"@type":"SearchAction","target":{"@type":"EntryPoint","urlTemplate":"https:\/\/www.delexodo.com.ar\/?s={search_term_string}"},"query-input":{"@type":"PropertyValueSpecification","valueRequired":true,"valueName":"search_term_string"}}],"inLanguage":"es"},{"@type":"Organization","@id":"https:\/\/www.delexodo.com.ar\/#organization","name":"Del \u00c9xodo Nogoy\u00e1","url":"https:\/\/www.delexodo.com.ar\/","logo":{"@type":"ImageObject","inLanguage":"es","@id":"https:\/\/www.delexodo.com.ar\/#\/schema\/logo\/image\/","url":"https:\/\/www.delexodo.com.ar\/wp-content\/uploads\/2024\/10\/cropped-cropped-LOGO24.png","contentUrl":"https:\/\/www.delexodo.com.ar\/wp-content\/uploads\/2024\/10\/cropped-cropped-LOGO24.png","width":512,"height":349,"caption":"Del \u00c9xodo Nogoy\u00e1"},"image":{"@id":"https:\/\/www.delexodo.com.ar\/#\/schema\/logo\/image\/"}}]}},"_links":{"self":[{"href":"https:\/\/www.delexodo.com.ar\/index.php?rest_route=\/wp\/v2\/pages\/2211","targetHints":{"allow":["GET"]}}],"collection":[{"href":"https:\/\/www.delexodo.com.ar\/index.php?rest_route=\/wp\/v2\/pages"}],"about":[{"href":"https:\/\/www.delexodo.com.ar\/index.php?rest_route=\/wp\/v2\/types\/page"}],"author":[{"embeddable":true,"href":"https:\/\/www.delexodo.com.ar\/index.php?rest_route=\/wp\/v2\/users\/2"}],"replies":[{"embeddable":true,"href":"https:\/\/www.delexodo.com.ar\/index.php?rest_route=%2Fwp%2Fv2%2Fcomments&post=2211"}],"version-history":[{"count":4,"href":"https:\/\/www.delexodo.com.ar\/index.php?rest_route=\/wp\/v2\/pages\/2211\/revisions"}],"predecessor-version":[{"id":12242,"href":"https:\/\/www.delexodo.com.ar\/index.php?rest_route=\/wp\/v2\/pages\/2211\/revisions\/12242"}],"wp:attachment":[{"href":"https:\/\/www.delexodo.com.ar\/index.php?rest_route=%2Fwp%2Fv2%2Fmedia&parent=2211"}],"curies":[{"name":"wp","href":"https:\/\/api.w.org\/{rel}","templated":true}]}}